{"id":676,"date":"2021-02-19T12:27:16","date_gmt":"2021-02-19T11:27:16","guid":{"rendered":"https:\/\/boucheix-musee.com\/francois-boucheix-surrealist-museum\/"},"modified":"2021-02-22T13:35:50","modified_gmt":"2021-02-22T12:35:50","slug":"francois-boucheix-surrealist-museum","status":"publish","type":"page","link":"https:\/\/boucheix-musee.com\/en\/","title":{"rendered":"Fran\u00e7ois Boucheix surrealist museum"},"content":{"rendered":"<p>[et_pb_section fb_built=&#8221;1&#8243; custom_padding_last_edited=&#8221;on|desktop&#8221; _builder_version=&#8221;4.8.1&#8243; _module_preset=&#8221;default&#8221; background_color=&#8221;#000000&#8243; background_video_mp4=&#8221;https:\/\/boucheix-musee.com\/mb2021\/wp-content\/uploads\/2021\/02\/fb-mains-2021.mp4&#8243; background_video_webm=&#8221;http:\/\/boucheix-musee.com\/mb2021\/wp-content\/uploads\/2020\/12\/mains-fb.webm&#8221; module_alignment=&#8221;center&#8221; custom_margin=&#8221;0px||0px||true|false&#8221; custom_padding=&#8221;8vw||8vw||true|false&#8221; custom_padding_tablet=&#8221;&#8221; custom_padding_phone=&#8221;&#8221;][et_pb_row _builder_version=&#8221;4.7.4&#8243; _module_preset=&#8221;default&#8221;][et_pb_column type=&#8221;4_4&#8243; _builder_version=&#8221;4.7.4&#8243; _module_preset=&#8221;default&#8221;][et_pb_text _builder_version=&#8221;4.8.1&#8243; _module_preset=&#8221;default&#8221; header_font=&#8221;|700|||||||&#8221; header_text_align=&#8221;center&#8221; header_text_color=&#8221;#ffffff&#8221; header_font_size=&#8221;80px&#8221; header_letter_spacing=&#8221;2px&#8221; header_font_size_tablet=&#8221;&#8221; header_font_size_phone=&#8221;48px&#8221; header_font_size_last_edited=&#8221;on|phone&#8221; text_text_shadow_style=&#8221;preset5&#8243;]<\/p>\n<h1>Surrealist Museum<\/h1>\n<p>[\/et_pb_text][et_pb_image src=&#8221;http:\/\/boucheix-musee.com\/mb2021\/wp-content\/uploads\/2020\/12\/signature-blanc.png&#8221; title_text=&#8221;signature-blanc&#8221; align=&#8221;center&#8221; _builder_version=&#8221;4.6.5&#8243; _module_preset=&#8221;default&#8221;][\/et_pb_image][\/et_pb_column][\/et_pb_row][\/et_pb_section][et_pb_section fb_built=&#8221;1&#8243; _builder_version=&#8221;4.6.5&#8243; _module_preset=&#8221;default&#8221; background_color=&#8221;#ffffff&#8221; background_image=&#8221;http:\/\/boucheix-musee.com\/mb2021\/wp-content\/uploads\/2020\/11\/fond-01.jpg&#8221; background_blend=&#8221;multiply&#8221;][et_pb_row _builder_version=&#8221;4.6.5&#8243; _module_preset=&#8221;default&#8221; background_color=&#8221;#ffffff&#8221; scroll_vertical_motion_enable=&#8221;on&#8221; scroll_vertical_motion=&#8221;0|25|25|100|2|0|0&#8243;][et_pb_column type=&#8221;4_4&#8243; _builder_version=&#8221;4.6.5&#8243; _module_preset=&#8221;default&#8221;][et_pb_text _builder_version=&#8221;4.8.1&#8243; _module_preset=&#8221;default&#8221; text_font_size=&#8221;16px&#8221; header_2_font_size=&#8221;19px&#8221;]<\/p>\n<h2 style=\"text-align: center;\"><span style=\"font-weight: bold; font-size: 1.4em;\">FRANCOIS BOUCHEIX SURREALIST MUSEUM<\/span><\/h2>\n<p style=\"text-align: center;\">The museum site offers you a tour through the paintings and bronzes of a world-famous Auvergne artist, in a Napoleon III style building that was for a long time a major centre of the Music-Hall in Vichy: the &#8220;Alhambra&#8221;, designed by the architect Antoine Percilly.<\/p>\n<p style=\"text-align: center;\"><span style=\"font-weight: 500; font-style: italic;\">&#8220;Dreams and light&#8221;, to which happiness should be added, are the guidelines of F.Boucheix&#8217;s &#8220;R\u00eaverisme&#8221; which will never cease to surprise you.<\/span><\/p>\n<p>[\/et_pb_text][\/et_pb_column][\/et_pb_row][et_pb_row _builder_version=&#8221;4.8.1&#8243; _module_preset=&#8221;default&#8221; custom_margin=&#8221;0px||0px||true|false&#8221; custom_padding=&#8221;0px||0px||true|false&#8221; scroll_horizontal_motion=&#8221;0|50|50|100|-2|0|0&#8243; motion_trigger_start=&#8221;top&#8221;][et_pb_column type=&#8221;4_4&#8243; _builder_version=&#8221;4.6.5&#8243; _module_preset=&#8221;default&#8221;][et_pb_slider show_pagination=&#8221;off&#8221; show_image_video_mobile=&#8221;on&#8221; arrows_custom_color=&#8221;#ffffff&#8221; _builder_version=&#8221;4.8.1&#8243; _module_preset=&#8221;default&#8221; custom_padding=&#8221;32%||32%||true|false&#8221; auto=&#8221;on&#8221; auto_speed=&#8221;4000&#8243; hover_transition_duration=&#8221;500ms&#8221; box_shadow_style=&#8221;preset2&#8243; box_shadow_style_image=&#8221;preset2&#8243;][et_pb_slide _builder_version=&#8221;4.8.1&#8243; _module_preset=&#8221;default&#8221; background_color=&#8221;#ffffff&#8221; background_enable_color=&#8221;on&#8221; background_image=&#8221;https:\/\/boucheix-musee.com\/mb2021\/wp-content\/uploads\/2020\/12\/diapo-1.jpg&#8221; background_enable_image=&#8221;on&#8221; sticky_transition=&#8221;on&#8221;][\/et_pb_slide][et_pb_slide _builder_version=&#8221;4.8.1&#8243; _module_preset=&#8221;default&#8221; background_color=&#8221;RGBA(0,0,0,0)&#8221; background_enable_color=&#8221;on&#8221; background_image=&#8221;https:\/\/boucheix-musee.com\/mb2021\/wp-content\/uploads\/2020\/12\/diapo-2.jpg&#8221; background_enable_image=&#8221;on&#8221; sticky_transition=&#8221;on&#8221;][\/et_pb_slide][et_pb_slide _builder_version=&#8221;4.8.1&#8243; _module_preset=&#8221;default&#8221; background_color=&#8221;#ffffff&#8221; background_enable_color=&#8221;on&#8221; background_image=&#8221;https:\/\/boucheix-musee.com\/mb2021\/wp-content\/uploads\/2020\/12\/diapo-3.jpg&#8221; background_enable_image=&#8221;on&#8221; sticky_transition=&#8221;on&#8221;][\/et_pb_slide][et_pb_slide _builder_version=&#8221;4.8.1&#8243; _module_preset=&#8221;default&#8221; background_color=&#8221;#ffffff&#8221; background_enable_color=&#8221;on&#8221; background_image=&#8221;https:\/\/boucheix-musee.com\/mb2021\/wp-content\/uploads\/2020\/12\/diapo-4.jpg&#8221; background_enable_image=&#8221;on&#8221; sticky_transition=&#8221;on&#8221;][\/et_pb_slide][et_pb_slide _builder_version=&#8221;4.8.1&#8243; _module_preset=&#8221;default&#8221; background_color=&#8221;#ffffff&#8221; background_enable_color=&#8221;on&#8221; background_image=&#8221;https:\/\/boucheix-musee.com\/mb2021\/wp-content\/uploads\/2020\/12\/diapo-5.jpg&#8221; background_enable_image=&#8221;on&#8221; sticky_transition=&#8221;on&#8221;][\/et_pb_slide][et_pb_slide _builder_version=&#8221;4.8.1&#8243; _module_preset=&#8221;default&#8221; background_color=&#8221;#ffffff&#8221; background_enable_color=&#8221;on&#8221; background_image=&#8221;https:\/\/boucheix-musee.com\/mb2021\/wp-content\/uploads\/2020\/12\/diapo-6.jpg&#8221; background_enable_image=&#8221;on&#8221; sticky_transition=&#8221;on&#8221;][\/et_pb_slide][et_pb_slide _builder_version=&#8221;4.8.1&#8243; _module_preset=&#8221;default&#8221; background_color=&#8221;#ffffff&#8221; background_enable_color=&#8221;on&#8221; background_image=&#8221;https:\/\/boucheix-musee.com\/mb2021\/wp-content\/uploads\/2020\/12\/diapo-7.jpg&#8221; background_enable_image=&#8221;on&#8221; sticky_transition=&#8221;on&#8221;][\/et_pb_slide][et_pb_slide _builder_version=&#8221;4.8.1&#8243; _module_preset=&#8221;default&#8221; background_color=&#8221;#ffffff&#8221; background_enable_color=&#8221;on&#8221; background_image=&#8221;https:\/\/boucheix-musee.com\/mb2021\/wp-content\/uploads\/2020\/12\/diapo-8.jpg&#8221; background_enable_image=&#8221;on&#8221; sticky_transition=&#8221;on&#8221;][\/et_pb_slide][\/et_pb_slider][\/et_pb_column][\/et_pb_row][et_pb_row column_structure=&#8221;3_5,2_5&#8243; admin_label=&#8221;Reverisme&#8221; _builder_version=&#8221;4.8.1&#8243; _module_preset=&#8221;default&#8221; background_color=&#8221;#ffffff&#8221; custom_margin=&#8221;2vw||||false|false&#8221; custom_padding=&#8221;1vw|1vw|1vw|1vw|true|true&#8221; scroll_vertical_motion=&#8221;0|50|50|100|4|0|0&#8243; scroll_fade_enable=&#8221;on&#8221; box_shadow_style=&#8221;preset2&#8243;][et_pb_column type=&#8221;3_5&#8243; _builder_version=&#8221;4.6.5&#8243; _module_preset=&#8221;default&#8221;][et_pb_image src=&#8221;http:\/\/boucheix-musee.com\/mb2021\/wp-content\/uploads\/2020\/12\/tableau-20201118_153348.jpg&#8221; title_text=&#8221;tableau-20201118_153348&#8243; url=&#8221;#&#8221; align=&#8221;center&#8221; _builder_version=&#8221;4.6.5&#8243; _module_preset=&#8221;default&#8221; filter_saturate=&#8221;180%&#8221; filter_hue_rotate__hover_enabled=&#8221;on|hover&#8221;][\/et_pb_image][\/et_pb_column][et_pb_column type=&#8221;2_5&#8243; _builder_version=&#8221;4.6.5&#8243; _module_preset=&#8221;default&#8221;][et_pb_text _builder_version=&#8221;4.8.1&#8243; _module_preset=&#8221;default&#8221; text_font=&#8221;||||||||&#8221; text_font_size=&#8221;16px&#8221; text_line_height=&#8221;1.72em&#8221; text_orientation=&#8221;justified&#8221;]<\/p>\n<p><span style=\"font-weight: bold; font-size: 1.4em;\">R\u00caVERISME<\/span><\/p>\n<p>&#8220;Ambassador of dreams and light for more than 60 years, <strong>Fran\u00e7ois Boucheix<\/strong> is the precursor of the <strong>R\u00eaveriste<\/strong> figuration, which he wants to be optimistic. <strong>R\u00eaverisme<\/strong> is a pictorial current which draws its sources from surrealism mixed with oneirism. It is composed of abundantly coloured works where even the black becomes luminous. One of the peculiarities of <strong>Fran\u00e7ois Boucheix&#8217;s<\/strong> <strong>R\u00eaverisme\u00a0<\/strong>is the lyrical character of his painting, materialised by numerous musical instruments. The creation of his works takes place at nightfall, an inexhaustible source of imagination where darkness plunges the Master into the world of dreams. \u00bb <a href=\"http:\/\/boucheix-musee.com\/mb2021\/wp-content\/uploads\/2021\/01\/Manifeste-du-Re%CC%82verisme.pdf\" target=\"_blank\" rel=\"noopener noreferrer\"><u>R\u00eaverisme Manifesto<\/u><\/a><\/p>\n<p>[\/et_pb_text][\/et_pb_column][\/et_pb_row][et_pb_row column_structure=&#8221;3_5,2_5&#8243; _builder_version=&#8221;4.8.1&#8243; _module_preset=&#8221;default&#8221; background_color=&#8221;#ffffff&#8221; custom_margin=&#8221;2vw||||false|false&#8221; custom_padding=&#8221;1vw|1vw|1vw|1vw|true|true&#8221; scroll_vertical_motion=&#8221;0|50|50|100|4|0|0&#8243; scroll_fade=&#8221;0|36|36|100|0|100|100&#8243; box_shadow_style=&#8221;preset2&#8243;][et_pb_column type=&#8221;3_5&#8243; _builder_version=&#8221;4.6.5&#8243; _module_preset=&#8221;default&#8221;][et_pb_image src=&#8221;http:\/\/boucheix-musee.com\/mb2021\/wp-content\/uploads\/2020\/12\/fb.png&#8221; alt=&#8221;Fran\u00e7ois Boucheix&#8221; title_text=&#8221;fb&#8221; url=&#8221;#&#8221; align=&#8221;center&#8221; _builder_version=&#8221;4.6.5&#8243; _module_preset=&#8221;default&#8221; filter_saturate=&#8221;180%&#8221; filter_hue_rotate__hover_enabled=&#8221;on|hover&#8221;][\/et_pb_image][\/et_pb_column][et_pb_column type=&#8221;2_5&#8243; _builder_version=&#8221;4.6.5&#8243; _module_preset=&#8221;default&#8221;][et_pb_text _builder_version=&#8221;4.8.1&#8243; _module_preset=&#8221;default&#8221; text_font=&#8221;||||||||&#8221; text_text_color=&#8221;#000000&#8243; text_font_size=&#8221;16px&#8221; text_line_height=&#8221;1.72em&#8221; text_orientation=&#8221;justified&#8221;]<\/p>\n<p>And despite the passing years, <strong>Fran\u00e7ois Boucheix<\/strong> still feels the need to return to his workshop <em>&#8220;so as not to let his brushes get too cold&#8221;<\/em>. <\/p>\n<p>[\/et_pb_text][et_pb_button button_url=&#8221;@ET-DC@eyJkeW5hbWljIjp0cnVlLCJjb250ZW50IjoicG9zdF9saW5rX3VybF9wYWdlIiwic2V0dGluZ3MiOnsicG9zdF9pZCI6IjIzNSJ9fQ==@&#8221; button_text=&#8221;&#8230; his biography&#8221; button_alignment=&#8221;center&#8221; _builder_version=&#8221;4.6.5&#8243; _dynamic_attributes=&#8221;button_url&#8221; _module_preset=&#8221;default&#8221; custom_button=&#8221;on&#8221; button_text_color=&#8221;#000000&#8243;][\/et_pb_button][\/et_pb_column][\/et_pb_row][\/et_pb_section]<\/p>\n","protected":false},"excerpt":{"rendered":"<p>The museum site offers you a tour through the paintings and bronzes of a world-famous Auvergne artist, in a Napoleon III style building that was for a long time a major centre of the Music-Hall in Vichy: the &#8220;Alhambra&#8221;, designed by the architect Antoine Percilly.<\/p>\n","protected":false},"author":1,"featured_media":0,"parent":0,"menu_order":0,"comment_status":"closed","ping_status":"closed","template":"","meta":{"_et_pb_use_builder":"on","_et_pb_old_content":"","_et_gb_content_width":"","footnotes":""},"folder":[],"yoast_head":"<!-- This site is optimized with the Yoast SEO plugin v21.7 - https:\/\/yoast.com\/wordpress\/plugins\/seo\/ -->\n<title>Fran\u00e7ois Boucheix surrealist museum - Mus\u00e9e Surr\u00e9aliste Fran\u00e7ois Boucheix<\/title>\n<meta name=\"robots\" content=\"index, follow, max-snippet:-1, max-image-preview:large, max-video-preview:-1\" \/>\n<link rel=\"canonical\" href=\"https:\/\/boucheix-musee.com\/en\/\" \/>\n<meta property=\"og:locale\" content=\"en_US\" \/>\n<meta property=\"og:type\" content=\"article\" \/>\n<meta property=\"og:title\" content=\"Fran\u00e7ois Boucheix surrealist museum - Mus\u00e9e Surr\u00e9aliste Fran\u00e7ois Boucheix\" \/>\n<meta property=\"og:description\" content=\"The museum site offers you a tour through the paintings and bronzes of a world-famous Auvergne artist, in a Napoleon III style building that was for a long time a major centre of the Music-Hall in Vichy: the &quot;Alhambra&quot;, designed by the architect Antoine Percilly.\" \/>\n<meta property=\"og:url\" content=\"https:\/\/boucheix-musee.com\/en\/\" \/>\n<meta property=\"og:site_name\" content=\"Mus\u00e9e Surr\u00e9aliste Fran\u00e7ois Boucheix\" \/>\n<meta property=\"article:modified_time\" content=\"2021-02-22T12:35:50+00:00\" \/>\n<meta name=\"twitter:card\" content=\"summary_large_image\" \/>\n<meta name=\"twitter:label1\" content=\"Est. reading time\" \/>\n\t<meta name=\"twitter:data1\" content=\"6 minutes\" \/>\n<script type=\"application\/ld+json\" class=\"yoast-schema-graph\">{\"@context\":\"https:\/\/schema.org\",\"@graph\":[{\"@type\":\"WebPage\",\"@id\":\"https:\/\/boucheix-musee.com\/en\/\",\"url\":\"https:\/\/boucheix-musee.com\/en\/\",\"name\":\"Fran\u00e7ois Boucheix surrealist museum - Mus\u00e9e Surr\u00e9aliste Fran\u00e7ois Boucheix\",\"isPartOf\":{\"@id\":\"https:\/\/boucheix-musee.com\/en\/#website\"},\"datePublished\":\"2021-02-19T11:27:16+00:00\",\"dateModified\":\"2021-02-22T12:35:50+00:00\",\"breadcrumb\":{\"@id\":\"https:\/\/boucheix-musee.com\/en\/#breadcrumb\"},\"inLanguage\":\"en-US\",\"potentialAction\":[{\"@type\":\"ReadAction\",\"target\":[\"https:\/\/boucheix-musee.com\/en\/\"]}]},{\"@type\":\"BreadcrumbList\",\"@id\":\"https:\/\/boucheix-musee.com\/en\/#breadcrumb\",\"itemListElement\":[{\"@type\":\"ListItem\",\"position\":1,\"name\":\"Accueil\",\"item\":\"https:\/\/boucheix-musee.com\/en\/\"},{\"@type\":\"ListItem\",\"position\":2,\"name\":\"Fran\u00e7ois Boucheix surrealist museum\"}]},{\"@type\":\"WebSite\",\"@id\":\"https:\/\/boucheix-musee.com\/en\/#website\",\"url\":\"https:\/\/boucheix-musee.com\/en\/\",\"name\":\"Mus\u00e9e Surr\u00e9aliste Fran\u00e7ois Boucheix\",\"description\":\"Le r\u00eave et la lumi\u00e8re\",\"potentialAction\":[{\"@type\":\"SearchAction\",\"target\":{\"@type\":\"EntryPoint\",\"urlTemplate\":\"https:\/\/boucheix-musee.com\/en\/?s={search_term_string}\"},\"query-input\":\"required name=search_term_string\"}],\"inLanguage\":\"en-US\"}]}<\/script>\n<!-- \/ Yoast SEO plugin. -->","yoast_head_json":{"title":"Fran\u00e7ois Boucheix surrealist museum - Mus\u00e9e Surr\u00e9aliste Fran\u00e7ois Boucheix","robots":{"index":"index","follow":"follow","max-snippet":"max-snippet:-1","max-image-preview":"max-image-preview:large","max-video-preview":"max-video-preview:-1"},"canonical":"https:\/\/boucheix-musee.com\/en\/","og_locale":"en_US","og_type":"article","og_title":"Fran\u00e7ois Boucheix surrealist museum - Mus\u00e9e Surr\u00e9aliste Fran\u00e7ois Boucheix","og_description":"The museum site offers you a tour through the paintings and bronzes of a world-famous Auvergne artist, in a Napoleon III style building that was for a long time a major centre of the Music-Hall in Vichy: the \"Alhambra\", designed by the architect Antoine Percilly.","og_url":"https:\/\/boucheix-musee.com\/en\/","og_site_name":"Mus\u00e9e Surr\u00e9aliste Fran\u00e7ois Boucheix","article_modified_time":"2021-02-22T12:35:50+00:00","twitter_card":"summary_large_image","twitter_misc":{"Est. reading time":"6 minutes"},"schema":{"@context":"https:\/\/schema.org","@graph":[{"@type":"WebPage","@id":"https:\/\/boucheix-musee.com\/en\/","url":"https:\/\/boucheix-musee.com\/en\/","name":"Fran\u00e7ois Boucheix surrealist museum - Mus\u00e9e Surr\u00e9aliste Fran\u00e7ois Boucheix","isPartOf":{"@id":"https:\/\/boucheix-musee.com\/en\/#website"},"datePublished":"2021-02-19T11:27:16+00:00","dateModified":"2021-02-22T12:35:50+00:00","breadcrumb":{"@id":"https:\/\/boucheix-musee.com\/en\/#breadcrumb"},"inLanguage":"en-US","potentialAction":[{"@type":"ReadAction","target":["https:\/\/boucheix-musee.com\/en\/"]}]},{"@type":"BreadcrumbList","@id":"https:\/\/boucheix-musee.com\/en\/#breadcrumb","itemListElement":[{"@type":"ListItem","position":1,"name":"Accueil","item":"https:\/\/boucheix-musee.com\/en\/"},{"@type":"ListItem","position":2,"name":"Fran\u00e7ois Boucheix surrealist museum"}]},{"@type":"WebSite","@id":"https:\/\/boucheix-musee.com\/en\/#website","url":"https:\/\/boucheix-musee.com\/en\/","name":"Mus\u00e9e Surr\u00e9aliste Fran\u00e7ois Boucheix","description":"Le r\u00eave et la lumi\u00e8re","potentialAction":[{"@type":"SearchAction","target":{"@type":"EntryPoint","urlTemplate":"https:\/\/boucheix-musee.com\/en\/?s={search_term_string}"},"query-input":"required name=search_term_string"}],"inLanguage":"en-US"}]}},"_links":{"self":[{"href":"https:\/\/boucheix-musee.com\/en\/wp-json\/wp\/v2\/pages\/676"}],"collection":[{"href":"https:\/\/boucheix-musee.com\/en\/wp-json\/wp\/v2\/pages"}],"about":[{"href":"https:\/\/boucheix-musee.com\/en\/wp-json\/wp\/v2\/types\/page"}],"author":[{"embeddable":true,"href":"https:\/\/boucheix-musee.com\/en\/wp-json\/wp\/v2\/users\/1"}],"replies":[{"embeddable":true,"href":"https:\/\/boucheix-musee.com\/en\/wp-json\/wp\/v2\/comments?post=676"}],"version-history":[{"count":20,"href":"https:\/\/boucheix-musee.com\/en\/wp-json\/wp\/v2\/pages\/676\/revisions"}],"predecessor-version":[{"id":1005,"href":"https:\/\/boucheix-musee.com\/en\/wp-json\/wp\/v2\/pages\/676\/revisions\/1005"}],"wp:attachment":[{"href":"https:\/\/boucheix-musee.com\/en\/wp-json\/wp\/v2\/media?parent=676"}],"wp:term":[{"taxonomy":"folder","embeddable":true,"href":"https:\/\/boucheix-musee.com\/en\/wp-json\/wp\/v2\/folder?post=676"}],"curies":[{"name":"wp","href":"https:\/\/api.w.org\/{rel}","templated":true}]}}