{"id":670,"date":"2021-02-19T03:28:42","date_gmt":"2021-02-19T02:28:42","guid":{"rendered":"https:\/\/boucheix-musee.com\/francois-boucheix-biography\/"},"modified":"2024-11-02T10:28:38","modified_gmt":"2024-11-02T09:28:38","slug":"francois-boucheix-biography","status":"publish","type":"page","link":"https:\/\/boucheix-musee.com\/en\/francois-boucheix-biography\/","title":{"rendered":"Fran\u00e7ois Boucheix Biography"},"content":{"rendered":"<p>[et_pb_section fb_built=&#8221;1&#8243; _builder_version=&#8221;4.16&#8243; _module_preset=&#8221;default&#8221; background_color=&#8221;#ffffff&#8221; background_enable_image=&#8221;off&#8221; background_blend=&#8221;difference&#8221; top_divider_color=&#8221;rgba(247,0,0,0.37)&#8221; top_divider_flip=&#8221;horizontal&#8221; bottom_divider_color=&#8221;rgba(247,0,0,0.37)&#8221; bottom_divider_repeat=&#8221;2x&#8221; global_colors_info=&#8221;{}&#8221;][et_pb_row _builder_version=&#8221;4.16&#8243; _module_preset=&#8221;default&#8221; global_colors_info=&#8221;{}&#8221;][et_pb_column type=&#8221;4_4&#8243; _builder_version=&#8221;4.16&#8243; _module_preset=&#8221;default&#8221; global_colors_info=&#8221;{}&#8221;][et_pb_text _builder_version=&#8221;4.16&#8243; _module_preset=&#8221;default&#8221; header_font=&#8221;|600||on|||||&#8221; header_text_align=&#8221;center&#8221; header_text_color=&#8221;#000000&#8243; header_font_size=&#8221;48px&#8221; header_letter_spacing=&#8221;1px&#8221; header_text_shadow_style=&#8221;preset1&#8243; header_text_shadow_vertical_length=&#8221;0.07em&#8221; global_colors_info=&#8221;{}&#8221;]<\/p>\n<h1>biography<\/h1>\n<p>[\/et_pb_text][\/et_pb_column][\/et_pb_row][et_pb_row column_structure=&#8221;1_2,1_2&#8243; _builder_version=&#8221;4.16&#8243; _module_preset=&#8221;default&#8221; width_tablet=&#8221;90%&#8221; width_phone=&#8221;&#8221; width_last_edited=&#8221;on|desktop&#8221; global_colors_info=&#8221;{}&#8221;][et_pb_column type=&#8221;1_2&#8243; _builder_version=&#8221;4.16&#8243; _module_preset=&#8221;default&#8221; background_color=&#8221;#ffffff&#8221; custom_padding=&#8221;1vw|1vw|1vw|1vw|true|true&#8221; custom_padding_tablet=&#8221;2vw|2vw|2vw|2vw|true|true&#8221; custom_padding_phone=&#8221;3vw|3vw|3vw|3vw|true|true&#8221; custom_padding_last_edited=&#8221;on|phone&#8221; global_colors_info=&#8221;{}&#8221;][et_pb_text _builder_version=&#8221;4.23.4&#8243; _module_preset=&#8221;default&#8221; text_font=&#8221;||||||||&#8221; text_font_size=&#8221;16px&#8221; text_orientation=&#8221;justified&#8221; hover_enabled=&#8221;0&#8243; global_colors_info=&#8221;{}&#8221; sticky_enabled=&#8221;0&#8243;]<\/p>\n<p>The surrealist painter Fran\u00e7ois Boucheix was born on January the 7th 1940 in Montcheneix in the heart of Auvergne Mounts.<br \/>A descendent of a line of landowners, from the Arvernes people, Fran\u00e7ois Boucheix was only fifteen years old when his father died. The young Fran\u00e7ois then had to work to feed his family. Pictorial art became an escape route for him, his antidote to gloominess. After an exhausting day&#8217;s work in hotel and restaurant business, F.Boucheix painted frantically in the evening in his little maid&#8217;s room, until late at night.<\/p>\n<p>[\/et_pb_text][et_pb_image src=&#8221;http:\/\/boucheix-musee.com\/mb2021\/wp-content\/uploads\/2020\/12\/fb.png&#8221; alt=&#8221;Fran\u00e7ois Boucheix&#8221; title_text=&#8221;fb&#8221; align=&#8221;center&#8221; _builder_version=&#8221;4.16&#8243; _module_preset=&#8221;default&#8221; scroll_scaling_enable=&#8221;on&#8221; scroll_scaling=&#8221;0|50|50|100|96%|104%|100&#8243; global_colors_info=&#8221;{}&#8221;][\/et_pb_image][et_pb_text _builder_version=&#8221;4.16&#8243; _module_preset=&#8221;default&#8221; text_font=&#8221;||||||||&#8221; text_font_size=&#8221;16px&#8221; text_orientation=&#8221;justified&#8221; global_colors_info=&#8221;{}&#8221;]He then learned to paint as he met people and received advice from them. But it was above all his hard work as a self-taught artist that led him to create.<br \/>\nF.Boucheix held his first exhibition in February 1960 in Tunisia and many others would follow in France and abroad.<br \/>\nIn 1968, Bernard Bella\u00efche, the Parisian art dealer at the Galerie de S\u00e8vres, astonished by his atypical career, signed an exclusive five-year contract with him.<br \/>\nF.Boucheix then exhibited regularly in this gallery alongside Madeleine Luka, Marie Laurencin, Salvador Dali etc&#8230; and Foujita&#8217;s paintings.[\/et_pb_text][\/et_pb_column][et_pb_column type=&#8221;1_2&#8243; _builder_version=&#8221;4.16&#8243; _module_preset=&#8221;default&#8221; background_color=&#8221;#ffffff&#8221; custom_padding=&#8221;1vw|1vw|1vw|1vw|true|true&#8221; custom_padding_tablet=&#8221;2vw|2vw|2vw|2vw|true|true&#8221; custom_padding_phone=&#8221;3vw|3vw|3vw|3vw|true|true&#8221; custom_padding_last_edited=&#8221;on|phone&#8221; global_colors_info=&#8221;{}&#8221;][et_pb_text _builder_version=&#8221;4.23.4&#8243; _module_preset=&#8221;default&#8221; text_font=&#8221;||||||||&#8221; text_font_size=&#8221;16px&#8221; text_orientation=&#8221;justified&#8221; hover_enabled=&#8221;0&#8243; global_colors_info=&#8221;{}&#8221; sticky_enabled=&#8221;0&#8243;]<\/p>\n<p>In 1969, he met Princess Yasmine d&#8217;Ouezzan (1913-1997) who would become an excellent friend and support him for some thirty years.<br \/>F.Boucheix also met Suzanne Bertillon, the companion of the painter Foujita and friend of the sculptor Zadkine. She spent a few summers in the beginning of the 70s in painter F.Boucheix&#8217;s Residence in Royat.<\/p>\n<p>From the early 70s and for about twenty years, F.Boucheix painted relentlessly and exhibited in the most famous Parisian galleries on Avenue Matignon, Faubourg Saint-Honor\u00e9, Avenue Georges V and Champs-Elys\u00e9es.<br \/>For nine years, he was a guest at the Georges V palace in Paris, and permanently exhibited forty paintings that were renewed as the hotel&#8217;s prestigious clientele fell in love with them.<br \/>At the same time, F.Boucheix exhibited all over the world in Europe, Middle East, America and Asia.<br \/>During his youth, F.Boucheix also took part in competitions and received three gold medals.<br \/>In 1990, under the influence of C\u00e9sar, F.Boucheix tried his hand at sculpture, and bronze soon focused his attention with a hundred or so compositions, sold all over the world.<br \/>Finally, at the age of sixty-seven, F.Boucheix inaugurated his museum in one of the most beautiful spa resorts in the world: Vichy.<br \/>Today, more than three thousand paintings are dispersed among international collectors, not to mention sculptures, etchings and other derivative products (porcelains, silk scarves&#8230;).<br \/>And despite the passing years, Master F. Boucheix still feels the need to return to his workshop &#8220;so as not to let his brushes get too cold&#8221;.<\/p>\n<p>[\/et_pb_text][\/et_pb_column][\/et_pb_row][et_pb_row _builder_version=&#8221;4.16&#8243; _module_preset=&#8221;default&#8221; transform_scale_tablet=&#8221;&#8221; transform_scale_phone=&#8221;&#8221; transform_scale_last_edited=&#8221;on|phone&#8221; transform_translate_tablet=&#8221;&#8221; transform_translate_phone=&#8221;&#8221; transform_translate_last_edited=&#8221;on|desktop&#8221; transform_rotate_tablet=&#8221;&#8221; transform_rotate_phone=&#8221;&#8221; transform_rotate_last_edited=&#8221;on|desktop&#8221; transform_skew_tablet=&#8221;&#8221; transform_skew_phone=&#8221;&#8221; transform_skew_last_edited=&#8221;on|phone&#8221; transform_skew_linked=&#8221;off&#8221; transform_origin_tablet=&#8221;&#8221; transform_origin_phone=&#8221;&#8221; transform_origin_last_edited=&#8221;on|desktop&#8221; transform_styles_last_edited=&#8221;on|phone&#8221; transform_styles_tablet=&#8221;&#8221; transform_styles_phone=&#8221;&#8221; global_colors_info=&#8221;{}&#8221;][et_pb_column type=&#8221;4_4&#8243; _builder_version=&#8221;4.16&#8243; _module_preset=&#8221;default&#8221; global_colors_info=&#8221;{}&#8221;][et_pb_text _builder_version=&#8221;4.16&#8243; _module_preset=&#8221;default&#8221; header_text_color=&#8221;#000000&#8243; header_2_font=&#8221;|600||on|||||&#8221; header_2_text_align=&#8221;center&#8221; header_2_text_color=&#8221;#000000&#8243; transform_scale_tablet=&#8221;&#8221; transform_scale_phone=&#8221;&#8221; transform_scale_last_edited=&#8221;on|desktop&#8221; transform_translate_tablet=&#8221;&#8221; transform_translate_phone=&#8221;&#8221; transform_translate_last_edited=&#8221;on|desktop&#8221; transform_rotate_tablet=&#8221;&#8221; transform_rotate_phone=&#8221;&#8221; transform_rotate_last_edited=&#8221;on|desktop&#8221; transform_skew_tablet=&#8221;&#8221; transform_skew_phone=&#8221;&#8221; transform_skew_last_edited=&#8221;on|desktop&#8221; transform_origin_tablet=&#8221;&#8221; transform_origin_phone=&#8221;&#8221; transform_origin_last_edited=&#8221;on|desktop&#8221; transform_styles_last_edited=&#8221;on|desktop&#8221; transform_styles_tablet=&#8221;&#8221; transform_styles_phone=&#8221;&#8221; header_2_text_shadow_style=&#8221;preset4&#8243; global_colors_info=&#8221;{}&#8221;]<\/p>\n<h2>galleries and exhibitions<\/h2>\n<p>[\/et_pb_text][\/et_pb_column][\/et_pb_row][et_pb_row column_structure=&#8221;1_2,1_2&#8243; _builder_version=&#8221;4.16&#8243; _module_preset=&#8221;default&#8221; width_tablet=&#8221;90%&#8221; width_phone=&#8221;&#8221; width_last_edited=&#8221;on|desktop&#8221; global_colors_info=&#8221;{}&#8221;][et_pb_column type=&#8221;1_2&#8243; _builder_version=&#8221;4.16&#8243; _module_preset=&#8221;default&#8221; background_color=&#8221;#ffffff&#8221; custom_padding=&#8221;1vw|1vw|1vw|1vw|true|true&#8221; custom_padding_tablet=&#8221;2vw|2vw|2vw|2vw|true|true&#8221; custom_padding_phone=&#8221;3vw|3vw|3vw|3vw|true|true&#8221; custom_padding_last_edited=&#8221;on|phone&#8221; scroll_fade_enable=&#8221;on&#8221; scroll_fade=&#8221;0|40|40|100|0|100|100&#8243; global_colors_info=&#8221;{}&#8221;][et_pb_text _builder_version=&#8221;4.16&#8243; _module_preset=&#8221;default&#8221; text_font=&#8221;||||||||&#8221; text_font_size=&#8221;16px&#8221; text_orientation=&#8221;justified&#8221; scroll_horizontal_motion=&#8221;0|30|30|100|-8.5|0|0&#8243; scroll_fade_enable=&#8221;on&#8221; scroll_fade=&#8221;0|40|40|100|0|100|100&#8243; global_colors_info=&#8221;{}&#8221;]<\/p>\n<h3>France<\/h3>\n<p><strong>Arcachon<\/strong> : Galerie Saint Martin<br \/><strong>Cannes : <\/strong>H\u00f4tel Martinez, H\u00f4tel Majestic, H\u00f4tel Gray d\u2019Albion<br \/><strong>Courchevel<\/strong> : H\u00f4tel Byblos, H\u00f4tel Lunas<br \/><strong>La Baule<\/strong> : H\u00f4tel Hermitage, Galerie R\u00e9ault<br \/><strong>Meg\u00e8ve<\/strong> : H\u00f4tel Mont Blanc<br \/><strong>N\u00eemes<\/strong> : Galerie La Porte<br \/><strong>Paris<\/strong> : Galerie de S\u00e8vres, Galerie de la Bo\u00e9tie, Galerie Matignon, Galerie YJaubert, Galerie Guign\u00e9, Galerie Bernheim jeune, La cours des Antiquaires, H\u00f4tel George V etc\u2026<br \/><strong>Saint Tropez<\/strong> : H\u00f4tel Byblos<br \/><strong>Strasbourg : <\/strong>Palais des Congr\u00e8s<br \/><strong>Thionville<\/strong> : Galerie F.Bolognini<\/p>\n<p>[\/et_pb_text][\/et_pb_column][et_pb_column type=&#8221;1_2&#8243; _builder_version=&#8221;4.16&#8243; _module_preset=&#8221;default&#8221; background_color=&#8221;#ffffff&#8221; custom_padding=&#8221;1vw|1vw|1vw|1vw|true|true&#8221; custom_padding_tablet=&#8221;2vw|2vw|2vw|2vw|true|true&#8221; custom_padding_phone=&#8221;3vw|3vw|3vw|3vw|true|true&#8221; custom_padding_last_edited=&#8221;on|phone&#8221; scroll_fade_enable=&#8221;on&#8221; scroll_fade=&#8221;0|64|64|100|0|100|100&#8243; motion_trigger_start=&#8221;top&#8221; global_colors_info=&#8221;{}&#8221;][et_pb_text _builder_version=&#8221;4.16&#8243; _module_preset=&#8221;default&#8221; text_font=&#8221;||||||||&#8221; text_font_size=&#8221;16px&#8221; text_orientation=&#8221;justified&#8221; scroll_fade_enable=&#8221;on&#8221; global_colors_info=&#8221;{}&#8221;]<\/p>\n<h3>International<\/h3>\n<p><strong>Germany : <\/strong>For\u00eat Noire Gallery<br \/><strong> Saudi Arabia (Djeddah) : <\/strong>Sang hotel gallery <br \/><strong>A Saudi Arabia (Riyad) : <\/strong> International Gallery<br \/><strong> Saudi Arabia (Duba\u00ef) : <\/strong>Central Gallery<br \/><strong>Lebanon (Beyrouth) : <\/strong> Carlton Gallery<br \/><strong>Luxembourg : <\/strong>Becker Gallery<br \/><strong>Suisse :<\/strong> Becker Gallery, Espace Gallery, Le temps qui passe Gallery, Plexus Gallery, Intercontinental Hotel Gallery, Besseiche Gallery, Iana Gallery, International Gallery<br \/><strong>Tunisie : <\/strong>Salon Inter- Allier<br \/><strong>USA : <\/strong>Galerie Bolognini, Park West Gallery<br \/><strong>NY, Nassau, Amsterdam, Barcelona, London, Israel, Alicante, Canaries, Saint Petersbourg, Roma \u2026<\/strong><\/p>\n<p>[\/et_pb_text][\/et_pb_column][\/et_pb_row][\/et_pb_section]<\/p>\n","protected":false},"excerpt":{"rendered":"<p>biographyThe surrealist painter Fran\u00e7ois Boucheix was born on January the 7th 1940 in Montcheneix in the heart of Auvergne Mounts.A descendent of a line of landowners, from the Arvernes people, Fran\u00e7ois Boucheix was only fifteen years old when his father died. The young Fran\u00e7ois then had to work to feed his family. Pictorial art became [&hellip;]<\/p>\n","protected":false},"author":1,"featured_media":0,"parent":0,"menu_order":0,"comment_status":"closed","ping_status":"closed","template":"","meta":{"_et_pb_use_builder":"on","_et_pb_old_content":"","_et_gb_content_width":"","footnotes":""},"folder":[],"yoast_head":"<!-- This site is optimized with the Yoast SEO plugin v21.7 - https:\/\/yoast.com\/wordpress\/plugins\/seo\/ -->\n<title>Fran\u00e7ois Boucheix Biography - Mus\u00e9e Surr\u00e9aliste Fran\u00e7ois Boucheix<\/title>\n<meta name=\"robots\" content=\"index, follow, max-snippet:-1, max-image-preview:large, max-video-preview:-1\" \/>\n<link rel=\"canonical\" href=\"https:\/\/boucheix-musee.com\/en\/francois-boucheix-biography\/\" \/>\n<meta property=\"og:locale\" content=\"en_US\" \/>\n<meta property=\"og:type\" content=\"article\" \/>\n<meta property=\"og:title\" content=\"Fran\u00e7ois Boucheix Biography - Mus\u00e9e Surr\u00e9aliste Fran\u00e7ois Boucheix\" \/>\n<meta property=\"og:description\" content=\"biographyThe surrealist painter Fran\u00e7ois Boucheix was born on January the 7th 1940 in Montcheneix in the heart of Auvergne Mounts.A descendent of a line of landowners, from the Arvernes people, Fran\u00e7ois Boucheix was only fifteen years old when his father died. The young Fran\u00e7ois then had to work to feed his family. Pictorial art became [&hellip;]\" \/>\n<meta property=\"og:url\" content=\"https:\/\/boucheix-musee.com\/en\/francois-boucheix-biography\/\" \/>\n<meta property=\"og:site_name\" content=\"Mus\u00e9e Surr\u00e9aliste Fran\u00e7ois Boucheix\" \/>\n<meta property=\"article:modified_time\" content=\"2024-11-02T09:28:38+00:00\" \/>\n<meta name=\"twitter:card\" content=\"summary_large_image\" \/>\n<meta name=\"twitter:label1\" content=\"Est. reading time\" \/>\n\t<meta name=\"twitter:data1\" content=\"7 minutes\" \/>\n<script type=\"application\/ld+json\" class=\"yoast-schema-graph\">{\"@context\":\"https:\/\/schema.org\",\"@graph\":[{\"@type\":\"WebPage\",\"@id\":\"https:\/\/boucheix-musee.com\/en\/francois-boucheix-biography\/\",\"url\":\"https:\/\/boucheix-musee.com\/en\/francois-boucheix-biography\/\",\"name\":\"Fran\u00e7ois Boucheix Biography - Mus\u00e9e Surr\u00e9aliste Fran\u00e7ois Boucheix\",\"isPartOf\":{\"@id\":\"https:\/\/boucheix-musee.com\/en\/#website\"},\"datePublished\":\"2021-02-19T02:28:42+00:00\",\"dateModified\":\"2024-11-02T09:28:38+00:00\",\"breadcrumb\":{\"@id\":\"https:\/\/boucheix-musee.com\/en\/francois-boucheix-biography\/#breadcrumb\"},\"inLanguage\":\"en-US\",\"potentialAction\":[{\"@type\":\"ReadAction\",\"target\":[\"https:\/\/boucheix-musee.com\/en\/francois-boucheix-biography\/\"]}]},{\"@type\":\"BreadcrumbList\",\"@id\":\"https:\/\/boucheix-musee.com\/en\/francois-boucheix-biography\/#breadcrumb\",\"itemListElement\":[{\"@type\":\"ListItem\",\"position\":1,\"name\":\"Accueil\",\"item\":\"https:\/\/boucheix-musee.com\/en\/\"},{\"@type\":\"ListItem\",\"position\":2,\"name\":\"Fran\u00e7ois Boucheix Biography\"}]},{\"@type\":\"WebSite\",\"@id\":\"https:\/\/boucheix-musee.com\/en\/#website\",\"url\":\"https:\/\/boucheix-musee.com\/en\/\",\"name\":\"Mus\u00e9e Surr\u00e9aliste Fran\u00e7ois Boucheix\",\"description\":\"Le r\u00eave et la lumi\u00e8re\",\"potentialAction\":[{\"@type\":\"SearchAction\",\"target\":{\"@type\":\"EntryPoint\",\"urlTemplate\":\"https:\/\/boucheix-musee.com\/en\/?s={search_term_string}\"},\"query-input\":\"required name=search_term_string\"}],\"inLanguage\":\"en-US\"}]}<\/script>\n<!-- \/ Yoast SEO plugin. -->","yoast_head_json":{"title":"Fran\u00e7ois Boucheix Biography - Mus\u00e9e Surr\u00e9aliste Fran\u00e7ois Boucheix","robots":{"index":"index","follow":"follow","max-snippet":"max-snippet:-1","max-image-preview":"max-image-preview:large","max-video-preview":"max-video-preview:-1"},"canonical":"https:\/\/boucheix-musee.com\/en\/francois-boucheix-biography\/","og_locale":"en_US","og_type":"article","og_title":"Fran\u00e7ois Boucheix Biography - Mus\u00e9e Surr\u00e9aliste Fran\u00e7ois Boucheix","og_description":"biographyThe surrealist painter Fran\u00e7ois Boucheix was born on January the 7th 1940 in Montcheneix in the heart of Auvergne Mounts.A descendent of a line of landowners, from the Arvernes people, Fran\u00e7ois Boucheix was only fifteen years old when his father died. The young Fran\u00e7ois then had to work to feed his family. Pictorial art became [&hellip;]","og_url":"https:\/\/boucheix-musee.com\/en\/francois-boucheix-biography\/","og_site_name":"Mus\u00e9e Surr\u00e9aliste Fran\u00e7ois Boucheix","article_modified_time":"2024-11-02T09:28:38+00:00","twitter_card":"summary_large_image","twitter_misc":{"Est. reading time":"7 minutes"},"schema":{"@context":"https:\/\/schema.org","@graph":[{"@type":"WebPage","@id":"https:\/\/boucheix-musee.com\/en\/francois-boucheix-biography\/","url":"https:\/\/boucheix-musee.com\/en\/francois-boucheix-biography\/","name":"Fran\u00e7ois Boucheix Biography - Mus\u00e9e Surr\u00e9aliste Fran\u00e7ois Boucheix","isPartOf":{"@id":"https:\/\/boucheix-musee.com\/en\/#website"},"datePublished":"2021-02-19T02:28:42+00:00","dateModified":"2024-11-02T09:28:38+00:00","breadcrumb":{"@id":"https:\/\/boucheix-musee.com\/en\/francois-boucheix-biography\/#breadcrumb"},"inLanguage":"en-US","potentialAction":[{"@type":"ReadAction","target":["https:\/\/boucheix-musee.com\/en\/francois-boucheix-biography\/"]}]},{"@type":"BreadcrumbList","@id":"https:\/\/boucheix-musee.com\/en\/francois-boucheix-biography\/#breadcrumb","itemListElement":[{"@type":"ListItem","position":1,"name":"Accueil","item":"https:\/\/boucheix-musee.com\/en\/"},{"@type":"ListItem","position":2,"name":"Fran\u00e7ois Boucheix Biography"}]},{"@type":"WebSite","@id":"https:\/\/boucheix-musee.com\/en\/#website","url":"https:\/\/boucheix-musee.com\/en\/","name":"Mus\u00e9e Surr\u00e9aliste Fran\u00e7ois Boucheix","description":"Le r\u00eave et la lumi\u00e8re","potentialAction":[{"@type":"SearchAction","target":{"@type":"EntryPoint","urlTemplate":"https:\/\/boucheix-musee.com\/en\/?s={search_term_string}"},"query-input":"required name=search_term_string"}],"inLanguage":"en-US"}]}},"_links":{"self":[{"href":"https:\/\/boucheix-musee.com\/en\/wp-json\/wp\/v2\/pages\/670"}],"collection":[{"href":"https:\/\/boucheix-musee.com\/en\/wp-json\/wp\/v2\/pages"}],"about":[{"href":"https:\/\/boucheix-musee.com\/en\/wp-json\/wp\/v2\/types\/page"}],"author":[{"embeddable":true,"href":"https:\/\/boucheix-musee.com\/en\/wp-json\/wp\/v2\/users\/1"}],"replies":[{"embeddable":true,"href":"https:\/\/boucheix-musee.com\/en\/wp-json\/wp\/v2\/comments?post=670"}],"version-history":[{"count":9,"href":"https:\/\/boucheix-musee.com\/en\/wp-json\/wp\/v2\/pages\/670\/revisions"}],"predecessor-version":[{"id":1268,"href":"https:\/\/boucheix-musee.com\/en\/wp-json\/wp\/v2\/pages\/670\/revisions\/1268"}],"wp:attachment":[{"href":"https:\/\/boucheix-musee.com\/en\/wp-json\/wp\/v2\/media?parent=670"}],"wp:term":[{"taxonomy":"folder","embeddable":true,"href":"https:\/\/boucheix-musee.com\/en\/wp-json\/wp\/v2\/folder?post=670"}],"curies":[{"name":"wp","href":"https:\/\/api.w.org\/{rel}","templated":true}]}}